{"id":5080,"date":"2024-04-06T19:12:23","date_gmt":"2024-04-06T17:12:23","guid":{"rendered":"https:\/\/www.forteam.it\/graphic-design-specialist\/"},"modified":"2024-04-30T09:22:24","modified_gmt":"2024-04-30T07:22:24","slug":"graphic-design-specialist","status":"publish","type":"page","link":"https:\/\/www.forteam.it\/de\/graphic-design-specialist\/","title":{"rendered":"Graphic Design Specialist"},"content":{"rendered":"<p>[et_pb_section fb_built=&#8220;1&#8243; _builder_version=&#8220;4.24.3&#8243; _module_preset=&#8220;default&#8220; global_colors_info=&#8220;{}&#8220;][et_pb_row _builder_version=&#8220;4.24.3&#8243; _module_preset=&#8220;default&#8220; global_colors_info=&#8220;{}&#8220;][et_pb_column type=&#8220;4_4&#8243; _builder_version=&#8220;4.24.3&#8243; _module_preset=&#8220;default&#8220; global_colors_info=&#8220;{}&#8220;][et_pb_image src=&#8220;https:\/\/www.forteam.it\/wp-content\/uploads\/2024\/03\/EN_CI-Co-funded-Rep-Prov_horizontal_POS.png&#8220; title_text=&#8220;EN_CI-Co-funded-Rep-Prov_vertical_POS&#8220; src_tablet=&#8220;https:\/\/www.forteam.it\/wp-content\/uploads\/2024\/03\/EN_CI-Co-funded-Rep-Prov_horizontal_POS.png&#8220; src_phone=&#8220;https:\/\/www.forteam.it\/wp-content\/uploads\/2024\/03\/EN_CI-Co-funded-Rep-Prov_vertical_POS.png&#8220; src_last_edited=&#8220;on|phone&#8220; admin_label=&#8220;Logo FSE&#8220; _builder_version=&#8220;4.24.3&#8243; _module_preset=&#8220;default&#8220; global_colors_info=&#8220;{}&#8220;][\/et_pb_image][et_pb_text admin_label=&#8220;Informativa&#8220; _builder_version=&#8220;4.24.3&#8243; _module_preset=&#8220;default&#8220; global_colors_info=&#8220;{}&#8220;]<\/p>\n<p>Der Kurs wird im Rahmen des PO ESF PLUS 2021-2027 finanziert und ist somit kostenlos.<\/p>\n<p>[\/et_pb_text][et_pb_text admin_label=&#8220;Titolo e ambito&#8220; _builder_version=&#8220;4.24.3&#8243; _module_preset=&#8220;default&#8220; global_colors_info=&#8220;{}&#8220;]<\/p>\n<p>Projektnummer: ESF1_a1_0054<\/p>\n<h2>Projekttitel: Fachkraft f\u00fcr Grafikdesign<\/h2>\n<p><strong>\u00a0<\/strong><\/p>\n<p><strong>Bereich: Grafik, Audio und Video<\/strong><\/p>\n<p>[\/et_pb_text][et_pb_image src=&#8220;https:\/\/www.forteam.it\/wp-content\/uploads\/2024\/04\/graphic-designer.png&#8220; title_text=&#8220;graphic designer&#8220; align=&#8220;center&#8220; _builder_version=&#8220;4.24.3&#8243; _module_preset=&#8220;default&#8220; width=&#8220;50%&#8220; max_width=&#8220;50%&#8220; hover_enabled=&#8220;0&#8243; global_colors_info=&#8220;{}&#8220; sticky_enabled=&#8220;0&#8243;][\/et_pb_image][\/et_pb_column][\/et_pb_row][et_pb_row column_structure=&#8220;1_2,1_2&#8243; _builder_version=&#8220;4.24.3&#8243; _module_preset=&#8220;default&#8220; global_colors_info=&#8220;{}&#8220;][et_pb_column type=&#8220;1_2&#8243; _builder_version=&#8220;4.24.3&#8243; _module_preset=&#8220;default&#8220; global_colors_info=&#8220;{}&#8220;][et_pb_text admin_label=&#8220;Descrizione sintetica&#8220; _builder_version=&#8220;4.24.3&#8243; _module_preset=&#8220;default&#8220; global_colors_info=&#8220;{}&#8220;]<\/p>\n<h3>Zusammenfassung des Projekts:<\/h3>\n<p>Der Kurs zielt darauf ab, die F\u00e4higkeiten im Bereich Grafikdesign zu entwickeln, ein Berufsbild, das von den Unternehmen im betreffenden Sektor immer st\u00e4rker verlangt wird und eine angemessene Ausbildung erfordert. Themen bzgl. Technik und IT, die Erstellung von grafischen Inhalten und die von Fachleuten am h\u00e4ufigsten verwendeten Anwendungen (Adobe Photoshop, InDesign, Illustrator) werden eingehend behandelt. Dar\u00fcber hinaus werden Themen im Zusammenhang mit der Markenidentit\u00e4t und -strategie sowie der fotografischen Produktion (Techniken, Studioaufnahmen, Nachbearbeitung) behandelt. Weiters erm\u00f6glichen fach\u00fcbergreifende Module wie aktive Arbeitssuche, selbstst\u00e4ndige Erwerbst\u00e4tigkeit, pers\u00f6nliches und berufliches Empowerment und das 200-st\u00fcndige Praktikum in Betrieben den Teilnehmern, ein gr\u00f6\u00dferes Bewusstsein f\u00fcr ihre berufliche Rolle zu entwickeln, um ihren Einstieg in die Arbeitswelt zu erleichtern.<\/p>\n<p>[\/et_pb_text][et_pb_text admin_label=&#8220;Servizi&#8220; _builder_version=&#8220;4.24.3&#8243; _module_preset=&#8220;default&#8220; global_colors_info=&#8220;{}&#8220;]<\/p>\n<h3>Weitere Dienste:<\/h3>\n<p>Die Ausbildungseinrichtung stellt den Teilnehmern eine individuelle Workstation mit der notwendigen Ausr\u00fcstung und Software f\u00fcr das Erlernen der Lerninhalte zur Verf\u00fcgung, und zwar: Photoshop, Indesign und Illustrator.<\/p>\n<p>[\/et_pb_text][et_pb_text admin_label=&#8220;Durate&#8220; _builder_version=&#8220;4.24.3&#8243; _module_preset=&#8220;default&#8220; global_colors_info=&#8220;{}&#8220;]<\/p>\n<h3>Dauer der Bildungsma\u00dfnahme:<\/h3>\n<p>456 Unterrichtsstunden<br \/>200 Stunden Praktikum<br \/>3 Stunden individueller Beratung<\/p>\n<p>[\/et_pb_text][\/et_pb_column][et_pb_column type=&#8220;1_2&#8243; _builder_version=&#8220;4.24.3&#8243; _module_preset=&#8220;default&#8220; global_colors_info=&#8220;{}&#8220;][et_pb_text admin_label=&#8220;Destinatari&#8220; _builder_version=&#8220;4.24.3&#8243; _module_preset=&#8220;default&#8220; global_colors_info=&#8220;{}&#8220;]<\/p>\n<h3>Beschreibung der Zielgruppe:<\/h3>\n<p>Zielgruppe der Ausbildungsma\u00dfnahme sind 14 junge Leute unter 30 Jahren, die in der Provinz Bozen wohnhaft oder ans\u00e4ssig, nicht besch\u00e4ftigt, arbeitslos oder inaktiv sind, zu den Arbeiterkr\u00e4ften geh\u00f6ren und nicht bereits in anderen Ausbildungskursen eingeschrieben sind, um ihre Ausbildungspflicht zu erf\u00fcllen. Es sind keine Vorerfahrungen in diesem Bereich notwendig. Bei der Auswahl ist die starke Motivation und Entschlossenheit, den Kurs erfolgreich zu beenden, von Vorteil.<\/p>\n<p>&nbsp;<\/p>\n<p>[\/et_pb_text][et_pb_text admin_label=&#8220;Certificazioni&#8220; _builder_version=&#8220;4.24.3&#8243; _module_preset=&#8220;default&#8220; global_colors_info=&#8220;{}&#8220;]<\/p>\n<h4>Zertifizierungen<\/h4>\n<p>Neben der Best\u00e4tigung der erfolgreichen Teilnahme am Kurs wird bei Bestehen der Zertifizierungspr\u00fcfung folgendes Zertifikat verliehen: \u201eAdobe Certified Professional in Visual Design Using Adobe Photoshop\u201c, ausgestellt von Adobe.<\/p>\n<p>[\/et_pb_text][et_pb_text admin_label=&#8220;Moduli&#8220; _builder_version=&#8220;4.24.3&#8243; _module_preset=&#8220;default&#8220; global_colors_info=&#8220;{}&#8220;]<\/p>\n<h3>Liste der Module:<\/h3>\n<p>1 Die Rolle und die F\u00e4higkeiten des Grafikdesigners <br \/>2 Marketing f\u00fcr den Grafikdesigner <br \/>3 Photoshop 1<\/p>\n<p>4 Photoshop 2<br \/>5 Indesign <br \/>6 Illustrator <br \/>7 Markenidentit\u00e4t <br \/>8 Logo Design <br \/>9 Layout design <br \/>10 Fotografie: Theorie und Technik der Fotografie <br \/>11 Studioaufnahmen <br \/>12 Fotografische Nachbearbeitung <br \/>13 Pers\u00f6nlicher und beruflicher Selbstempowerment <br \/>14 Fachsprache Deutsch <br \/>15 Nachhaltigkeit f\u00fcr Grafikdesigner <br \/>16 Diversit\u00e4tsmanagement <br \/>17 Aktive Arbeitssuche und selbstst\u00e4ndige Erwerbst\u00e4tigkeit <br \/>18 Gesundheit und Sicherheit am Arbeitsplatz <br \/>19 Einzelorientierung <br \/>20 Praktikum<\/p>\n<p>[\/et_pb_text][\/et_pb_column][\/et_pb_row][et_pb_row _builder_version=&#8220;4.24.3&#8243; _module_preset=&#8220;default&#8220; global_colors_info=&#8220;{}&#8220;][et_pb_column type=&#8220;4_4&#8243; _builder_version=&#8220;4.24.3&#8243; _module_preset=&#8220;default&#8220; global_colors_info=&#8220;{}&#8220;][et_pb_text _builder_version=&#8220;4.24.3&#8243; _module_preset=&#8220;default&#8220; global_colors_info=&#8220;{}&#8220;]<\/p>\n<p>Link zu Projektinformationen: <a href=\"https:\/\/fse-esf.civis.bz.it\/preiscrizioni_2127\/prj\/53\/show\">https:\/\/fse-esf.civis.bz.it\/preiscrizioni_2127\/prj\/53\/show<\/a><\/p>\n<p>Datum der letzten Aktualisierung: 06\/04\/2024<\/p>\n<p>[\/et_pb_text][et_pb_contact_form email=&#8220;marco.caresia@forteam.it&#8220; title=&#8220;Weitere Informationen:&#8220; custom_message=&#8220;Nome: %%Nome%%||et_pb_line_break_holder||||et_pb_line_break_holder||Email: %%Email%%||et_pb_line_break_holder||||et_pb_line_break_holder||Cellulare: %%Cellulare%%||et_pb_line_break_holder||||et_pb_line_break_holder||Privacy: %%Privacy%%||et_pb_line_break_holder||||et_pb_line_break_holder||Corso: Graphic Designer||et_pb_line_break_holder||||et_pb_line_break_holder||&#8220; _builder_version=&#8220;4.24.3&#8243; _module_preset=&#8220;default&#8220; custom_padding=&#8220;|38px||||&#8220; global_colors_info=&#8220;{}&#8220;][et_pb_contact_field field_id=&#8220;Nome&#8220; field_title=&#8220;Name und Nachname&#8220; _builder_version=&#8220;4.16&#8243; global_colors_info=&#8220;{}&#8220; button_text_size__hover_enabled=&#8220;off&#8220; button_one_text_size__hover_enabled=&#8220;off&#8220; button_two_text_size__hover_enabled=&#8220;off&#8220; button_text_color__hover_enabled=&#8220;off&#8220; button_one_text_color__hover_enabled=&#8220;off&#8220; button_two_text_color__hover_enabled=&#8220;off&#8220; button_border_width__hover_enabled=&#8220;off&#8220; button_one_border_width__hover_enabled=&#8220;off&#8220; button_two_border_width__hover_enabled=&#8220;off&#8220; button_border_color__hover_enabled=&#8220;off&#8220; button_one_border_color__hover_enabled=&#8220;off&#8220; button_two_border_color__hover_enabled=&#8220;off&#8220; button_border_radius__hover_enabled=&#8220;off&#8220; button_one_border_radius__hover_enabled=&#8220;off&#8220; button_two_border_radius__hover_enabled=&#8220;off&#8220; button_letter_spacing__hover_enabled=&#8220;off&#8220; button_one_letter_spacing__hover_enabled=&#8220;off&#8220; button_two_letter_spacing__hover_enabled=&#8220;off&#8220; button_bg_color__hover_enabled=&#8220;off&#8220; button_one_bg_color__hover_enabled=&#8220;off&#8220; button_two_bg_color__hover_enabled=&#8220;off&#8220;][\/et_pb_contact_field][et_pb_contact_field field_id=&#8220;Email&#8220; field_title=&#8220;E-Mailadresse&#8220; field_type=&#8220;email&#8220; _builder_version=&#8220;4.16&#8243; global_colors_info=&#8220;{}&#8220; button_text_size__hover_enabled=&#8220;off&#8220; button_one_text_size__hover_enabled=&#8220;off&#8220; button_two_text_size__hover_enabled=&#8220;off&#8220; button_text_color__hover_enabled=&#8220;off&#8220; button_one_text_color__hover_enabled=&#8220;off&#8220; button_two_text_color__hover_enabled=&#8220;off&#8220; button_border_width__hover_enabled=&#8220;off&#8220; button_one_border_width__hover_enabled=&#8220;off&#8220; button_two_border_width__hover_enabled=&#8220;off&#8220; button_border_color__hover_enabled=&#8220;off&#8220; button_one_border_color__hover_enabled=&#8220;off&#8220; button_two_border_color__hover_enabled=&#8220;off&#8220; button_border_radius__hover_enabled=&#8220;off&#8220; button_one_border_radius__hover_enabled=&#8220;off&#8220; button_two_border_radius__hover_enabled=&#8220;off&#8220; button_letter_spacing__hover_enabled=&#8220;off&#8220; button_one_letter_spacing__hover_enabled=&#8220;off&#8220; button_two_letter_spacing__hover_enabled=&#8220;off&#8220; button_bg_color__hover_enabled=&#8220;off&#8220; button_one_bg_color__hover_enabled=&#8220;off&#8220; button_two_bg_color__hover_enabled=&#8220;off&#8220;][\/et_pb_contact_field][et_pb_contact_field field_id=&#8220;Cellulare&#8220; field_title=&#8220;Handynummer&#8220; _builder_version=&#8220;4.16&#8243; global_colors_info=&#8220;{}&#8220; button_text_size__hover_enabled=&#8220;off&#8220; button_one_text_size__hover_enabled=&#8220;off&#8220; button_two_text_size__hover_enabled=&#8220;off&#8220; button_text_color__hover_enabled=&#8220;off&#8220; button_one_text_color__hover_enabled=&#8220;off&#8220; button_two_text_color__hover_enabled=&#8220;off&#8220; button_border_width__hover_enabled=&#8220;off&#8220; button_one_border_width__hover_enabled=&#8220;off&#8220; button_two_border_width__hover_enabled=&#8220;off&#8220; button_border_color__hover_enabled=&#8220;off&#8220; button_one_border_color__hover_enabled=&#8220;off&#8220; button_two_border_color__hover_enabled=&#8220;off&#8220; button_border_radius__hover_enabled=&#8220;off&#8220; button_one_border_radius__hover_enabled=&#8220;off&#8220; button_two_border_radius__hover_enabled=&#8220;off&#8220; button_letter_spacing__hover_enabled=&#8220;off&#8220; button_one_letter_spacing__hover_enabled=&#8220;off&#8220; button_two_letter_spacing__hover_enabled=&#8220;off&#8220; button_bg_color__hover_enabled=&#8220;off&#8220; button_one_bg_color__hover_enabled=&#8220;off&#8220; button_two_bg_color__hover_enabled=&#8220;off&#8220;][\/et_pb_contact_field][et_pb_contact_field field_id=&#8220;Privacy&#8220; field_title=&#8220;Im Sinne und unter Ber\u00fccksichtigung der Artikel 6, 7, 12 und 13 der EU-Verordnung 2016\/679-GDPR erkl\u00e4re ich mit dem Klicken auf %22Senden%22, dass ich die Informationen zur Verarbeitung personenbezogener Daten zur Kenntnis genommen habe. In Bezug auf die Verarbeitung meiner personenbezogenen Daten f\u00fcr den Zweck B) der Informationen &#8211; Direktmarketing, stimme ich der Verarbeitung meiner Daten f\u00fcr den Versand von Informations- und Werbematerial, auch per E-Mail, Newsletter und SMS, zu.&#8220; field_type=&#8220;radio&#8220; radio_options=&#8220;%91{%22value%22:%22stimme ich der Verarbeitung zu.%22,%22checked%22:0,%22dragID%22:-1},{%22value%22:%22widerspreche ich der Verarbeitung.%22,%22checked%22:0,%22dragID%22:0}%93&#8243; fullwidth_field=&#8220;on&#8220; _builder_version=&#8220;4.16&#8243; _dynamic_attributes=&#8220;link_option_url&#8220; _module_preset=&#8220;default&#8220; link_option_url=&#8220;@ET-DC@eyJkeW5hbWljIjp0cnVlLCJjb250ZW50IjoicG9zdF9saW5rX3VybF9wYWdlIiwic2V0dGluZ3MiOnsicG9zdF9pZCI6IjE2MTIifX0=@&#8220; link_option_url_new_window=&#8220;on&#8220; global_colors_info=&#8220;{}&#8220;][\/et_pb_contact_field][\/et_pb_contact_form][\/et_pb_column][\/et_pb_row][\/et_pb_section]<\/p>\n","protected":false},"excerpt":{"rendered":"<p>Der Kurs wird im Rahmen des PO ESF PLUS 2021-2027 finanziert und ist somit kostenlos.Projektnummer: ESF1_a1_0054 Projekttitel: Fachkraft f\u00fcr Grafikdesign \u00a0 Bereich: Grafik, Audio und VideoZusammenfassung des Projekts: Der Kurs zielt darauf ab, die F\u00e4higkeiten im Bereich Grafikdesign zu entwickeln, ein Berufsbild, das von den Unternehmen im betreffenden Sektor immer st\u00e4rker verlangt wird und eine [&hellip;]<\/p>\n","protected":false},"author":2,"featured_media":0,"parent":0,"menu_order":0,"comment_status":"closed","ping_status":"closed","template":"","meta":{"_et_pb_use_builder":"on","_et_pb_old_content":"","_et_gb_content_width":"","cybocfi_hide_featured_image":"","footnotes":""},"class_list":["post-5080","page","type-page","status-publish","hentry"],"_links":{"self":[{"href":"https:\/\/www.forteam.it\/de\/wp-json\/wp\/v2\/pages\/5080","targetHints":{"allow":["GET"]}}],"collection":[{"href":"https:\/\/www.forteam.it\/de\/wp-json\/wp\/v2\/pages"}],"about":[{"href":"https:\/\/www.forteam.it\/de\/wp-json\/wp\/v2\/types\/page"}],"author":[{"embeddable":true,"href":"https:\/\/www.forteam.it\/de\/wp-json\/wp\/v2\/users\/2"}],"replies":[{"embeddable":true,"href":"https:\/\/www.forteam.it\/de\/wp-json\/wp\/v2\/comments?post=5080"}],"version-history":[{"count":8,"href":"https:\/\/www.forteam.it\/de\/wp-json\/wp\/v2\/pages\/5080\/revisions"}],"predecessor-version":[{"id":5138,"href":"https:\/\/www.forteam.it\/de\/wp-json\/wp\/v2\/pages\/5080\/revisions\/5138"}],"wp:attachment":[{"href":"https:\/\/www.forteam.it\/de\/wp-json\/wp\/v2\/media?parent=5080"}],"curies":[{"name":"wp","href":"https:\/\/api.w.org\/{rel}","templated":true}]}}