{"id":5064,"date":"2024-04-06T18:56:38","date_gmt":"2024-04-06T16:56:38","guid":{"rendered":"https:\/\/www.forteam.it\/fachperson-in-cad-cam\/"},"modified":"2024-04-06T18:56:56","modified_gmt":"2024-04-06T16:56:56","slug":"fachperson-in-cad-cam","status":"publish","type":"page","link":"https:\/\/www.forteam.it\/de\/fachperson-in-cad-cam\/","title":{"rendered":"Fachperson in CAD\/CAM"},"content":{"rendered":"<p>[et_pb_section fb_built=&#8220;1&#8243; theme_builder_area=&#8220;post_content&#8220; _builder_version=&#8220;4.24.3&#8243; _module_preset=&#8220;default&#8220;][et_pb_row _builder_version=&#8220;4.24.3&#8243; _module_preset=&#8220;default&#8220; theme_builder_area=&#8220;post_content&#8220;][et_pb_column _builder_version=&#8220;4.24.3&#8243; _module_preset=&#8220;default&#8220; type=&#8220;4_4&#8243; theme_builder_area=&#8220;post_content&#8220;][et_pb_image _builder_version=&#8220;4.24.3&#8243; _module_preset=&#8220;default&#8220; theme_builder_area=&#8220;post_content&#8220; title_text=&#8220;EN_CI-Co-funded-Rep-Prov_vertical_POS&#8220; src=&#8220;https:\/\/www.forteam.it\/wp-content\/uploads\/2024\/03\/EN_CI-Co-funded-Rep-Prov_horizontal_POS.png&#8220; admin_label=&#8220;Logo FSE&#8220; src_last_edited=&#8220;on|phone&#8220; hover_enabled=&#8220;0&#8243; sticky_enabled=&#8220;0&#8243; src_phone=&#8220;https:\/\/www.forteam.it\/wp-content\/uploads\/2024\/03\/EN_CI-Co-funded-Rep-Prov_vertical_POS.png&#8220; src_tablet=&#8220;https:\/\/www.forteam.it\/wp-content\/uploads\/2024\/03\/EN_CI-Co-funded-Rep-Prov_horizontal_POS.png&#8220;][\/et_pb_image][et_pb_text _builder_version=&#8220;4.24.3&#8243; _module_preset=&#8220;default&#8220; theme_builder_area=&#8220;post_content&#8220; hover_enabled=&#8220;0&#8243; sticky_enabled=&#8220;0&#8243; admin_label=&#8220;Informativa&#8220;]<\/p>\n<p>Der Kurs wird im Rahmen des PO ESF PLUS 2021-2027 finanziert und ist somit kostenlos.<\/p>\n<p>[\/et_pb_text][et_pb_text _builder_version=&#8220;4.24.3&#8243; _module_preset=&#8220;default&#8220; theme_builder_area=&#8220;post_content&#8220; hover_enabled=&#8220;0&#8243; sticky_enabled=&#8220;0&#8243; admin_label=&#8220;Titolo e ambito&#8220;]<\/p>\n<p>Projektnummer: ESF1_a1_0032<\/p>\n<h2>Projekttitel: Fachperson in CAD\/CAM<\/h2>\n<p><strong>\u00a0<\/strong><\/p>\n<p><strong>Bereich: Grafik, Audio und Video<\/strong><\/p>\n<p>[\/et_pb_text][et_pb_image _builder_version=&#8220;4.24.3&#8243; _module_preset=&#8220;default&#8220; theme_builder_area=&#8220;post_content&#8220; title_text=&#8220;cad&#8220; src=&#8220;https:\/\/www.forteam.it\/wp-content\/uploads\/2024\/04\/cad.png&#8220; hover_enabled=&#8220;0&#8243; sticky_enabled=&#8220;0&#8243; align=&#8220;center&#8220; width=&#8220;50%&#8220; max_width=&#8220;50%&#8220;][\/et_pb_image][\/et_pb_column][\/et_pb_row][et_pb_row _builder_version=&#8220;4.24.3&#8243; _module_preset=&#8220;default&#8220; column_structure=&#8220;1_2,1_2&#8243; theme_builder_area=&#8220;post_content&#8220;][et_pb_column _builder_version=&#8220;4.24.3&#8243; _module_preset=&#8220;default&#8220; type=&#8220;1_2&#8243; theme_builder_area=&#8220;post_content&#8220;][et_pb_text _builder_version=&#8220;4.24.3&#8243; _module_preset=&#8220;default&#8220; theme_builder_area=&#8220;post_content&#8220; hover_enabled=&#8220;0&#8243; sticky_enabled=&#8220;0&#8243; admin_label=&#8220;Descrizione sintetica&#8220;]<\/p>\n<h3>Zusammenfassung des Projekts:<\/h3>\n<p>Der Kurs Fachkraft f\u00fcr AutoCAD zielt auf die Ausbildung einer Fachperson ab, die als Planer\/in und Zeichner\/in Industriegeb\u00e4uden und \u2013produkten in Betrieben und Berufspraxen arbeiten kann. Dieses fach\u00fcbergreifende Berufsbild ist in verschiedenen Wirtschafts- und Produktionsumfeldern arbeitsf\u00e4hig und daher sehr gefragt. Der Kurs beinhaltet eine Vielzahl praktischer \u00dcbungen und Simulationen echter F\u00e4lle. Somit werden gemeinsam mit der Theorie und dem Praktikum im Betrieb Kompetenzen und Fertigkeiten entwickelt, die sofort im Beruf einsetzbar sind. Der Kurs konzentriert sich auf die Grundlagen und Konventionen von technischem Zeichnen, Grafik und Rendering, Benutzung von 2D- und 3D-CAD-Anwendungen und Animationen von 3D-Objekten. Module zur deutschen Sprache und zur aktiven Arbeitssuche helfen bei der besseren Eingliederung der Teilnehmer in die Arbeitswelt des Gebiets. Am Ende wird eine Teilnahmebest\u00e4tigung ausgestellt.<\/p>\n<p>[\/et_pb_text][et_pb_text _builder_version=&#8220;4.24.3&#8243; _module_preset=&#8220;default&#8220; theme_builder_area=&#8220;post_content&#8220; admin_label=&#8220;Servizi&#8220; hover_enabled=&#8220;0&#8243; sticky_enabled=&#8220;0&#8243;]<\/p>\n<h3>Weitere Dienste:<\/h3>\n<p>Die Teilnehmer und Teilnehmerinnen haben Zugang zu einer E-Learning-Plattform, auf die alle Kursmaterialien hochgeladen werden, einschlie\u00dflich Simulationsumgebungen. Es werden Veranstaltungen organisiert, bei denen sich Betriebe des Sektors auf Personalsuche den Teilnehmern und Teilnehmerinnen vorstellen k\u00f6nnen. Au\u00dferdem wird ein individuell abgestimmtes Tutorenprogramm eingerichtet.<\/p>\n<p>[\/et_pb_text][et_pb_text _builder_version=&#8220;4.24.3&#8243; _module_preset=&#8220;default&#8220; theme_builder_area=&#8220;post_content&#8220; admin_label=&#8220;Durate&#8220; hover_enabled=&#8220;0&#8243; sticky_enabled=&#8220;0&#8243;]<\/p>\n<h3>Dauer der Bildungsma\u00dfnahme:<\/h3>\n<p>456 Unterrichtsstunden<br \/>200 Stunden Praktikum<br \/>3 Stunden individueller Beratung<\/p>\n<p>[\/et_pb_text][\/et_pb_column][et_pb_column _builder_version=&#8220;4.24.3&#8243; _module_preset=&#8220;default&#8220; type=&#8220;1_2&#8243; theme_builder_area=&#8220;post_content&#8220;][et_pb_text _builder_version=&#8220;4.24.3&#8243; _module_preset=&#8220;default&#8220; theme_builder_area=&#8220;post_content&#8220; hover_enabled=&#8220;0&#8243; sticky_enabled=&#8220;0&#8243; admin_label=&#8220;Destinatari&#8220;]<\/p>\n<h3>Beschreibung der Zielgruppe:<\/h3>\n<p>Das Projekt richtet sich an junge Leute unter 30, die nicht besch\u00e4ftigt, arbeitslos oder inaktiv sind und zu jenen Arbeiterkr\u00e4ften geh\u00f6ren, die eine innovative Ausbildung im Bereich des computergest\u00fctzten technischen Zeichnens absolvieren und sich in diesem Sektor eingliedern wollen. Vorkenntnisse in diesem Bereich sind nicht erforderlich. Das Interesse und die Motivation, am Projekt teilzunehmen und es erfolgreich abzuschlie\u00dfen, um den von den Unternehmen des Sektors bekundeten Bedarf zu decken, werden positiv bewertet.<\/p>\n<p>[\/et_pb_text][et_pb_text _builder_version=&#8220;4.24.3&#8243; _module_preset=&#8220;default&#8220; theme_builder_area=&#8220;post_content&#8220; admin_label=&#8220;Certificazioni&#8220; hover_enabled=&#8220;0&#8243; sticky_enabled=&#8220;0&#8243;]<\/p>\n<h3>Zertifizierungen<\/h3>\n<p>Erfolgreiche Absolventen und Absolventinnen des Moduls \u201eGesundheit und Sicherheit am Arbeitsplatz\u201c erhalten ein Zertifikat gem\u00e4\u00df Dekret 81\/08.<\/p>\n<p>[\/et_pb_text][et_pb_text _builder_version=&#8220;4.24.3&#8243; _module_preset=&#8220;default&#8220; theme_builder_area=&#8220;post_content&#8220; admin_label=&#8220;Moduli&#8220; hover_enabled=&#8220;0&#8243; sticky_enabled=&#8220;0&#8243;]<\/p>\n<h3>Liste der Module:<\/h3>\n<p>1 Einordnung des Berufs <br \/>2 Grundlagen und Konventionen des technischen Zeichnens <br \/>3 Computerunterst\u00fctztes Zeichnen <br \/>4 Grundlagen von Grafik und Rendering <br \/>5 Spezifikationen von technischen Zeichnungen <br \/>6 Erstellen von technischen Zeichnungen mit 2DCAD-Anwendungen <br \/>7 Entwurf von grafischen Objekten mit Hilfe von 3D-CAD-Anwendungen <br \/>8 Rendering und Animationen von 3D Objekten <br \/>9 Diversit\u00e4tsmanagement <br \/>10 Fachsprache Deutsch <br \/>11 Gesundheit und Sicherheit am Arbeitsplatz <br \/>12 Aktive Arbeitssuche und selbstst\u00e4ndige Erwerbst\u00e4tigkeit <br \/>13 Pers\u00f6nliches und berufliches Empowerment <br \/>14 Einzelorientierung <br \/>15 Praktikum<\/p>\n<p>[\/et_pb_text][\/et_pb_column][\/et_pb_row][et_pb_row _builder_version=&#8220;4.24.3&#8243; _module_preset=&#8220;default&#8220; theme_builder_area=&#8220;post_content&#8220;][et_pb_column _builder_version=&#8220;4.24.3&#8243; _module_preset=&#8220;default&#8220; type=&#8220;4_4&#8243; theme_builder_area=&#8220;post_content&#8220;][et_pb_text _builder_version=&#8220;4.24.3&#8243; _module_preset=&#8220;default&#8220; theme_builder_area=&#8220;post_content&#8220; hover_enabled=&#8220;0&#8243; sticky_enabled=&#8220;0&#8243;]<\/p>\n<p><strong><em>Projektinformationen Link<\/em><\/strong>: <a href=\"https:\/\/fse-esf.civis.bz.it\/preiscrizioni_2127\/prj\/64\/show\">https:\/\/fse-esf.civis.bz.it\/preiscrizioni_2127\/prj\/64\/show<\/a><\/p>\n<p>Datum der letzten Aktualisierung: 06\/04\/2024<\/p>\n<p>[\/et_pb_text][et_pb_contact_form email=&#8220;marco.caresia@forteam.it&#8220; title=&#8220;Weitere Informationen:&#8220; custom_message=&#8220;Nome: %%Nome%%||et_pb_line_break_holder||||et_pb_line_break_holder||Email: %%Email%%||et_pb_line_break_holder||||et_pb_line_break_holder||Cellulare: %%Cellulare%%||et_pb_line_break_holder||||et_pb_line_break_holder||Privacy: %%Privacy%%||et_pb_line_break_holder||||et_pb_line_break_holder||Corso: CAD CAM||et_pb_line_break_holder||||et_pb_line_break_holder||&#8220; _builder_version=&#8220;4.24.3&#8243; _module_preset=&#8220;default&#8220; custom_padding=&#8220;|38px||||&#8220; hover_enabled=&#8220;0&#8243; global_colors_info=&#8220;{}&#8220; theme_builder_area=&#8220;post_content&#8220; sticky_enabled=&#8220;0&#8243;][et_pb_contact_field field_id=&#8220;Nome&#8220; field_title=&#8220;Name und Nachname&#8220; _builder_version=&#8220;4.16&#8243; global_colors_info=&#8220;{}&#8220; button_text_size__hover_enabled=&#8220;off&#8220; button_one_text_size__hover_enabled=&#8220;off&#8220; button_two_text_size__hover_enabled=&#8220;off&#8220; button_text_color__hover_enabled=&#8220;off&#8220; button_one_text_color__hover_enabled=&#8220;off&#8220; button_two_text_color__hover_enabled=&#8220;off&#8220; button_border_width__hover_enabled=&#8220;off&#8220; button_one_border_width__hover_enabled=&#8220;off&#8220; button_two_border_width__hover_enabled=&#8220;off&#8220; button_border_color__hover_enabled=&#8220;off&#8220; button_one_border_color__hover_enabled=&#8220;off&#8220; button_two_border_color__hover_enabled=&#8220;off&#8220; button_border_radius__hover_enabled=&#8220;off&#8220; button_one_border_radius__hover_enabled=&#8220;off&#8220; button_two_border_radius__hover_enabled=&#8220;off&#8220; button_letter_spacing__hover_enabled=&#8220;off&#8220; button_one_letter_spacing__hover_enabled=&#8220;off&#8220; button_two_letter_spacing__hover_enabled=&#8220;off&#8220; button_bg_color__hover_enabled=&#8220;off&#8220; button_one_bg_color__hover_enabled=&#8220;off&#8220; button_two_bg_color__hover_enabled=&#8220;off&#8220; theme_builder_area=&#8220;post_content&#8220;][\/et_pb_contact_field][et_pb_contact_field field_id=&#8220;Email&#8220; field_title=&#8220;E-Mailadresse&#8220; field_type=&#8220;email&#8220; _builder_version=&#8220;4.16&#8243; global_colors_info=&#8220;{}&#8220; button_text_size__hover_enabled=&#8220;off&#8220; button_one_text_size__hover_enabled=&#8220;off&#8220; button_two_text_size__hover_enabled=&#8220;off&#8220; button_text_color__hover_enabled=&#8220;off&#8220; button_one_text_color__hover_enabled=&#8220;off&#8220; button_two_text_color__hover_enabled=&#8220;off&#8220; button_border_width__hover_enabled=&#8220;off&#8220; button_one_border_width__hover_enabled=&#8220;off&#8220; button_two_border_width__hover_enabled=&#8220;off&#8220; button_border_color__hover_enabled=&#8220;off&#8220; button_one_border_color__hover_enabled=&#8220;off&#8220; button_two_border_color__hover_enabled=&#8220;off&#8220; button_border_radius__hover_enabled=&#8220;off&#8220; button_one_border_radius__hover_enabled=&#8220;off&#8220; button_two_border_radius__hover_enabled=&#8220;off&#8220; button_letter_spacing__hover_enabled=&#8220;off&#8220; button_one_letter_spacing__hover_enabled=&#8220;off&#8220; button_two_letter_spacing__hover_enabled=&#8220;off&#8220; button_bg_color__hover_enabled=&#8220;off&#8220; button_one_bg_color__hover_enabled=&#8220;off&#8220; button_two_bg_color__hover_enabled=&#8220;off&#8220; theme_builder_area=&#8220;post_content&#8220;][\/et_pb_contact_field][et_pb_contact_field field_id=&#8220;Cellulare&#8220; field_title=&#8220;Handynummer&#8220; _builder_version=&#8220;4.16&#8243; global_colors_info=&#8220;{}&#8220; button_text_size__hover_enabled=&#8220;off&#8220; button_one_text_size__hover_enabled=&#8220;off&#8220; button_two_text_size__hover_enabled=&#8220;off&#8220; button_text_color__hover_enabled=&#8220;off&#8220; button_one_text_color__hover_enabled=&#8220;off&#8220; button_two_text_color__hover_enabled=&#8220;off&#8220; button_border_width__hover_enabled=&#8220;off&#8220; button_one_border_width__hover_enabled=&#8220;off&#8220; button_two_border_width__hover_enabled=&#8220;off&#8220; button_border_color__hover_enabled=&#8220;off&#8220; button_one_border_color__hover_enabled=&#8220;off&#8220; button_two_border_color__hover_enabled=&#8220;off&#8220; button_border_radius__hover_enabled=&#8220;off&#8220; button_one_border_radius__hover_enabled=&#8220;off&#8220; button_two_border_radius__hover_enabled=&#8220;off&#8220; button_letter_spacing__hover_enabled=&#8220;off&#8220; button_one_letter_spacing__hover_enabled=&#8220;off&#8220; button_two_letter_spacing__hover_enabled=&#8220;off&#8220; button_bg_color__hover_enabled=&#8220;off&#8220; button_one_bg_color__hover_enabled=&#8220;off&#8220; button_two_bg_color__hover_enabled=&#8220;off&#8220; theme_builder_area=&#8220;post_content&#8220;][\/et_pb_contact_field][et_pb_contact_field field_id=&#8220;Privacy&#8220; field_title=&#8220;Im Sinne und unter Ber\u00fccksichtigung der Artikel 6, 7, 12 und 13 der EU-Verordnung 2016\/679-GDPR erkl\u00e4re ich mit dem Klicken auf %22Senden%22, dass ich die Informationen zur Verarbeitung personenbezogener Daten zur Kenntnis genommen habe. In Bezug auf die Verarbeitung meiner personenbezogenen Daten f\u00fcr den Zweck B) der Informationen &#8211; Direktmarketing, stimme ich der Verarbeitung meiner Daten f\u00fcr den Versand von Informations- und Werbematerial, auch per E-Mail, Newsletter und SMS, zu.&#8220; field_type=&#8220;radio&#8220; radio_options=&#8220;%91{%22value%22:%22stimme ich der Verarbeitung zu.%22,%22checked%22:0,%22dragID%22:-1},{%22value%22:%22widerspreche ich der Verarbeitung.%22,%22checked%22:0,%22dragID%22:0}%93&#8243; fullwidth_field=&#8220;on&#8220; _builder_version=&#8220;4.16&#8243; _dynamic_attributes=&#8220;link_option_url&#8220; _module_preset=&#8220;default&#8220; link_option_url=&#8220;@ET-DC@eyJkeW5hbWljIjp0cnVlLCJjb250ZW50IjoicG9zdF9saW5rX3VybF9wYWdlIiwic2V0dGluZ3MiOnsicG9zdF9pZCI6IjE2MTIifX0=@&#8220; link_option_url_new_window=&#8220;on&#8220; global_colors_info=&#8220;{}&#8220; theme_builder_area=&#8220;post_content&#8220;][\/et_pb_contact_field][\/et_pb_contact_form][\/et_pb_column][\/et_pb_row][\/et_pb_section]<\/p>\n","protected":false},"excerpt":{"rendered":"<p>Der Kurs wird im Rahmen des PO ESF PLUS 2021-2027 finanziert und ist somit kostenlos.Projektnummer: ESF1_a1_0032 Projekttitel: Fachperson in CAD\/CAM \u00a0 Bereich: Grafik, Audio und VideoZusammenfassung des Projekts: Der Kurs Fachkraft f\u00fcr AutoCAD zielt auf die Ausbildung einer Fachperson ab, die als Planer\/in und Zeichner\/in Industriegeb\u00e4uden und \u2013produkten in Betrieben und Berufspraxen arbeiten kann. Dieses [&hellip;]<\/p>\n","protected":false},"author":2,"featured_media":0,"parent":0,"menu_order":0,"comment_status":"closed","ping_status":"closed","template":"","meta":{"_et_pb_use_builder":"on","_et_pb_old_content":"","_et_gb_content_width":"","cybocfi_hide_featured_image":"","footnotes":""},"class_list":["post-5064","page","type-page","status-publish","hentry"],"_links":{"self":[{"href":"https:\/\/www.forteam.it\/de\/wp-json\/wp\/v2\/pages\/5064","targetHints":{"allow":["GET"]}}],"collection":[{"href":"https:\/\/www.forteam.it\/de\/wp-json\/wp\/v2\/pages"}],"about":[{"href":"https:\/\/www.forteam.it\/de\/wp-json\/wp\/v2\/types\/page"}],"author":[{"embeddable":true,"href":"https:\/\/www.forteam.it\/de\/wp-json\/wp\/v2\/users\/2"}],"replies":[{"embeddable":true,"href":"https:\/\/www.forteam.it\/de\/wp-json\/wp\/v2\/comments?post=5064"}],"version-history":[{"count":5,"href":"https:\/\/www.forteam.it\/de\/wp-json\/wp\/v2\/pages\/5064\/revisions"}],"predecessor-version":[{"id":5069,"href":"https:\/\/www.forteam.it\/de\/wp-json\/wp\/v2\/pages\/5064\/revisions\/5069"}],"wp:attachment":[{"href":"https:\/\/www.forteam.it\/de\/wp-json\/wp\/v2\/media?parent=5064"}],"curies":[{"name":"wp","href":"https:\/\/api.w.org\/{rel}","templated":true}]}}